{"id":12,"date":"2020-06-28T12:28:49","date_gmt":"2020-06-28T10:28:49","guid":{"rendered":"http:\/\/integra-netz.de\/verein\/neue-horizonte-ev\/?page_id=12"},"modified":"2020-07-01T09:34:50","modified_gmt":"2020-07-01T07:34:50","slug":"aktivitaeten","status":"publish","type":"page","link":"http:\/\/integra-netz.de\/verein\/neue-horizonte-ev\/aktivitaeten\/","title":{"rendered":"Aktivit\u00e4ten"},"content":{"rendered":"\n<p><strong>mitdenken&nbsp;<\/strong>|<strong>&nbsp;mitreden&nbsp;<\/strong>|<strong>&nbsp;mitgestalten&nbsp;in Inden (Kreis D\u00fcren)<\/strong><\/p>\n\n\n\n<p> Menschen sind nicht nur Konsument, sondern auch Gestalter. Wir ermutigen sie, f\u00fcr sich selbst und die Gesellschaft Verantwortung zu \u00fcbernehmen. Unser Lebensraum ist gelebte Vielfalt. Alteingesessene B\u00fcrger und Neuzugezogene aller Bildungsschichten, verschiedenster Nationalit\u00e4ten, Kulturen und Religionen st\u00e4rken sich gegenseitig und lernen voneinander. Diese internationalen Erfahrungen \u00f6ffnen den Blick f\u00fcr eine globale Welt und ein friedliches Zusammenleben. In den K\u00f6pfen und Herzen der Menschen ist das Gemeinwohl angekommen. Diese Grundhaltung erm\u00f6glicht ein gutes Leben f\u00fcr alle Menschen \u2013 heute und morgen, hier und anderswo.<\/p>\n\n\n\n<p>Besuchen Sie unsere Website <a href=\"https:\/\/www.neue-horizonte-ev.de\/aktuelles\/\">neue-horizonte-ev.de<\/a><\/p>\n","protected":false},"excerpt":{"rendered":"<p>mitdenken&nbsp;|&nbsp;mitreden&nbsp;|&nbsp;mitgestalten&nbsp;in Inden (Kreis D\u00fcren) Menschen sind nicht nur Konsument, sondern auch Gestalter. Wir ermutigen sie, f\u00fcr sich selbst und die Gesellschaft Verantwortung zu \u00fcbernehmen. Unser Lebensraum ist gelebte Vielfalt. Alteingesessene B\u00fcrger und Neuzugezogene aller Bildungsschichten, verschiedenster Nationalit\u00e4ten, Kulturen und Religionen st\u00e4rken sich gegenseitig und lernen voneinander. Diese internationalen Erfahrungen \u00f6ffnen den Blick f\u00fcr eine globale &hellip; <\/p>\n<p class=\"link-more\"><a href=\"http:\/\/integra-netz.de\/verein\/neue-horizonte-ev\/aktivitaeten\/\" class=\"more-link\"><span class=\"screen-reader-text\">\u201eAktivit\u00e4ten\u201c<\/span> weiterlesen<\/a><\/p>\n","protected":false},"author":35,"featured_media":42,"parent":0,"menu_order":0,"comment_status":"closed","ping_status":"closed","template":"","meta":{"footnotes":""},"class_list":["post-12","page","type-page","status-publish","has-post-thumbnail","hentry"],"_links":{"self":[{"href":"http:\/\/integra-netz.de\/verein\/neue-horizonte-ev\/wp-json\/wp\/v2\/pages\/12","targetHints":{"allow":["GET"]}}],"collection":[{"href":"http:\/\/integra-netz.de\/verein\/neue-horizonte-ev\/wp-json\/wp\/v2\/pages"}],"about":[{"href":"http:\/\/integra-netz.de\/verein\/neue-horizonte-ev\/wp-json\/wp\/v2\/types\/page"}],"author":[{"embeddable":true,"href":"http:\/\/integra-netz.de\/verein\/neue-horizonte-ev\/wp-json\/wp\/v2\/users\/35"}],"replies":[{"embeddable":true,"href":"http:\/\/integra-netz.de\/verein\/neue-horizonte-ev\/wp-json\/wp\/v2\/comments?post=12"}],"version-history":[{"count":4,"href":"http:\/\/integra-netz.de\/verein\/neue-horizonte-ev\/wp-json\/wp\/v2\/pages\/12\/revisions"}],"predecessor-version":[{"id":43,"href":"http:\/\/integra-netz.de\/verein\/neue-horizonte-ev\/wp-json\/wp\/v2\/pages\/12\/revisions\/43"}],"wp:featuredmedia":[{"embeddable":true,"href":"http:\/\/integra-netz.de\/verein\/neue-horizonte-ev\/wp-json\/wp\/v2\/media\/42"}],"wp:attachment":[{"href":"http:\/\/integra-netz.de\/verein\/neue-horizonte-ev\/wp-json\/wp\/v2\/media?parent=12"}],"curies":[{"name":"wp","href":"https:\/\/api.w.org\/{rel}","templated":true}]}}