{"id":37,"date":"2014-04-08T11:04:57","date_gmt":"2014-04-08T09:04:57","guid":{"rendered":"http:\/\/integra-netz.de\/verein\/alevitische-gemeinde-dueren-und-umgebung\/?page_id=37"},"modified":"2017-05-05T14:26:45","modified_gmt":"2017-05-05T12:26:45","slug":"info","status":"publish","type":"page","link":"http:\/\/integra-netz.de\/verein\/alevitische-gemeinde-dueren-und-umgebung\/info\/","title":{"rendered":"Info"},"content":{"rendered":"<address>Alevitische Gemeinde D\u00fcren und Umgebung e.V.<\/address>\n<address>D\u00fcren ve Cevresi Alevi K\u00fclt\u00fcr Merkezi<\/address>\n<address>Josef Schregel Str.39\u00a0 \/ 52349 D\u00fcren<\/address>\n<address>Tel : 02421 708 74 57<\/address>\n<p><i>Auf der Vollversammlung der Vereinsgr\u00fcnder am 20.06.2010 wurde unser Verein unter\u00a0 Beteiligung von 87 Personen gegr\u00fcndet.<\/i><\/p>\n<p><i>Der Zweck unseres Vereins ist es, den alevitischen Glauben bekannt zu machen, ihn den Jugendlichen vertraut zu machen, die falschen Informationen und Vorurteile \u00fcber das Alevitentum zu korrigieren und zu verhindern, dass unsere Kinder und Jugendliche sich von unserer Kultur entfernen.<\/i><\/p>\n<p><strong><em>Vorstandsliste der Alevitischen Gemeinde D\u00fcren<\/em><\/strong><\/p>\n<p><strong><em><u>Vorsitzende:<\/u><\/em><\/strong><br \/>\nDilek Yologlu<br \/>\ngeb. 01.12.1965<br \/>\n<a href=\"mailto:dilek-12@hotmail.de\">dilek-12@hotmail.de<\/a><\/p>\n<p><strong><em><u>Stellv. Vorsitzender:<\/u><\/em><\/strong>Ugur \u00d6rdek<br \/>\ngeb. 20.08.1978<br \/>\n<a href=\"mailto:birkesautomobile@online.de\">birkesautomobile@online.de<\/a><\/p>\n<p><strong><em><u>Finanzbeauftragter:<\/u><\/em><\/strong><br \/>\nAli Riza Yildiz<br \/>\ngeb. 29.03.1976<br \/>\n<a href=\"mailto:alirizayldz@gmx.de\">alirizayldz@gmx.de<\/a><\/p>\n<p><strong><em><u>Sekret\u00e4rin &amp; Stellv. Jugendvorsitzende:&#8216;<br \/>\n<\/u><\/em><\/strong>Yaren Yildiz<br \/>\ngeb. 10.05.1997<br \/>\n<a href=\"mailto:alirizayldz@gmx.de\">yildiz.yaren@gmx.de<\/a><\/p>\n<p>&nbsp;<\/p>\n<p>&nbsp;<\/p>\n","protected":false},"excerpt":{"rendered":"<p>Alevitische Gemeinde D\u00fcren und Umgebung e.V. D\u00fcren ve Cevresi Alevi K\u00fclt\u00fcr Merkezi Josef Schregel Str.39\u00a0 \/ 52349 D\u00fcren Tel : 02421 708 74 57 Auf der Vollversammlung der Vereinsgr\u00fcnder am 20.06.2010 wurde unser Verein unter\u00a0 Beteiligung von 87 Personen gegr\u00fcndet. Der Zweck unseres Vereins ist es, den alevitischen Glauben bekannt zu machen, ihn den Jugendlichen &hellip; <\/p>\n<p class=\"link-more\"><a href=\"http:\/\/integra-netz.de\/verein\/alevitische-gemeinde-dueren-und-umgebung\/info\/\" class=\"more-link\"><span class=\"screen-reader-text\">\u201eInfo\u201c<\/span> weiterlesen<\/a><\/p>\n","protected":false},"author":1,"featured_media":0,"parent":0,"menu_order":0,"comment_status":"closed","ping_status":"closed","template":"","meta":{"footnotes":""},"class_list":["post-37","page","type-page","status-publish","hentry"],"_links":{"self":[{"href":"http:\/\/integra-netz.de\/verein\/alevitische-gemeinde-dueren-und-umgebung\/wp-json\/wp\/v2\/pages\/37","targetHints":{"allow":["GET"]}}],"collection":[{"href":"http:\/\/integra-netz.de\/verein\/alevitische-gemeinde-dueren-und-umgebung\/wp-json\/wp\/v2\/pages"}],"about":[{"href":"http:\/\/integra-netz.de\/verein\/alevitische-gemeinde-dueren-und-umgebung\/wp-json\/wp\/v2\/types\/page"}],"author":[{"embeddable":true,"href":"http:\/\/integra-netz.de\/verein\/alevitische-gemeinde-dueren-und-umgebung\/wp-json\/wp\/v2\/users\/1"}],"replies":[{"embeddable":true,"href":"http:\/\/integra-netz.de\/verein\/alevitische-gemeinde-dueren-und-umgebung\/wp-json\/wp\/v2\/comments?post=37"}],"version-history":[{"count":7,"href":"http:\/\/integra-netz.de\/verein\/alevitische-gemeinde-dueren-und-umgebung\/wp-json\/wp\/v2\/pages\/37\/revisions"}],"predecessor-version":[{"id":103,"href":"http:\/\/integra-netz.de\/verein\/alevitische-gemeinde-dueren-und-umgebung\/wp-json\/wp\/v2\/pages\/37\/revisions\/103"}],"wp:attachment":[{"href":"http:\/\/integra-netz.de\/verein\/alevitische-gemeinde-dueren-und-umgebung\/wp-json\/wp\/v2\/media?parent=37"}],"curies":[{"name":"wp","href":"https:\/\/api.w.org\/{rel}","templated":true}]}}